{"id":10246,"date":"2024-05-16T18:09:56","date_gmt":"2024-05-17T00:09:56","guid":{"rendered":"https:\/\/revista925taxco.fad.unam.mx\/index.php\/member-directory\/"},"modified":"2024-05-16T18:09:56","modified_gmt":"2024-05-17T00:09:56","slug":"member-directory","status":"publish","type":"page","link":"https:\/\/revista925taxco.fad.unam.mx\/index.php\/member-directory\/","title":{"rendered":"Member Directory"},"content":{"rendered":"<!-- This WordPress member directory is built and powered by ProfilePress WordPress plugin - https:\/\/profilepress.com -->\r\n<style>#pp-member-directory-1.pp-member-directory .ppressmd-member-directory-header .ppressmd-member-directory-header-row .ppressmd-member-directory-search-line label .ppressmd-search-line,#pp-member-directory-1.pp-member-directory .ppressmd-member-directory-header .ppressmd-member-directory-header-row .ppressmd-search .ppressmd-search-filter.ppressmd-text-filter-type input:not(.select2-search__field),#pp-member-directory-1.pp-member-directory .ppressmd-member-directory-header .select2.select2-container .select2-selection {border:1px solid #dddddd !important;}#pp-member-directory-1.pp-member-directory .ppressmd-member-directory-header .ppressmd-member-directory-header-row .ppressmd-search .ppressmd-search-filter.ppressmd-text-filter-type input,#pp-member-directory-1.pp-member-directory .ppressmd-member-directory-header .ppressmd-member-directory-header-row .ppressmd-member-directory-search-line label .ppressmd-search-line,#pp-member-directory-1.pp-member-directory .ppressmd-member-directory-header .ppressmd-member-directory-header-row .ppressmd-member-directory-nav-line .ppress-material-icons,#pp-member-directory-1.pp-member-directory .ppressmd-member-directory-header .select2.select2-container .select2-selection__rendered {color:#666666 !important;}#pp-member-directory-1.pp-member-directory .ppmd-pagination-wrap .page-numbers {color:#666666 !important;}#pp-member-directory-1.pp-member-directory .ppmd-pagination-wrap .page-numbers.current {background:#007bff !important;color:#ffffff !important;}#pp-member-directory-1.ppress-md-default * {-webkit-box-sizing:border-box;-moz-box-sizing:border-box;box-sizing:border-box;-webkit-font-smoothing:antialiased !important;-moz-osx-font-smoothing:grayscale !important;}#pp-member-directory-1.ppress-md-default a {text-decoration:none !important;border-bottom:none !important;box-shadow:none !important;border-bottom:0 !important;}#pp-member-directory-1.ppress-md-default .ppmd-members-wrap {width:100%;margin:0 0 10px 0;padding:0;}#pp-member-directory-1.ppress-md-default .ppmd-member-gutter {width:2%;}#pp-member-directory-1.ppress-md-default .ppmd-member-wrap {background:#ffffff;text-align:center;margin-bottom:40px;border:1px solid #dddddd;width:32%;}#pp-member-directory-1.ppress-md-default.pp-member-directory.ppressui960 .ppmd-member-wrap,#pp-member-directory-1.ppress-md-default.pp-member-directory.ppressui800 .ppmd-member-wrap {width:48%;}#pp-member-directory-1.ppress-md-default.pp-member-directory.ppressui960 .ppmd-member-gutter,#pp-member-directory-1.ppress-md-default.pp-member-directory.ppressui800 .ppmd-member-gutter {width:4%;}#pp-member-directory-1.ppress-md-default.pp-member-directory.ppressui500 .ppmd-member-gutter,#pp-member-directory-1.ppress-md-default.pp-member-directory.ppressui340 .ppmd-member-gutter {width:0;}#pp-member-directory-1.ppress-md-default.pp-member-directory.ppressui500 .ppmd-member-wrap,#pp-member-directory-1.ppress-md-default.pp-member-directory.ppressui340 .ppmd-member-wrap {width:100%;}#pp-member-directory-1.ppress-md-default.pp-member-directory.ppressui960 .ppmd-member-wrap {width:48%;}#pp-member-directory-1.ppress-md-default.pp-member-directory.ppressui960 .ppmd-member-gutter {width:4%;}#pp-member-directory-1.ppress-md-default .ppmd-member-cover {height:170px;background-color:#eee;box-sizing:border-box;position:relative;}#pp-member-directory-1.ppress-md-default .ppress-md-profile-item-wrap {margin:0 0 5px;font-size:14px;padding:10px 15px 0;line-height:16px;}#pp-member-directory-1.ppress-md-default .ppress-md-profile-item-wrap:nth-child(2) {padding-top:0;padding-bottom:0;}#pp-member-directory-1.ppress-md-default .ppress-md-profile-item-wrap.profile-display-name a {line-height:26px;color:#444444;font-weight:700;font-size:16px;}#pp-member-directory-1.ppress-md-default .ppress-md-profile-item-title {font-weight:bold;display:block;}#pp-member-directory-1.ppress-md-default .ppress-md-member-cover-e {text-align:center;box-sizing:border-box;}#pp-member-directory-1.ppress-md-default .ppmd-member-photo {padding:0 0 20px 0;text-align:center;}#pp-member-directory-1.ppress-md-default .ppmd-no-cover .ppmd-member-photo {padding-top:30px;}#pp-member-directory-1.ppress-md-default .ppmd-member-photo a {text-decoration:none;box-shadow:none !important;display:inline !important;}#pp-member-directory-1.ppress-md-default .ppmd-member-photo a img {display:inline;border:5px solid #ffffff;background:#ffffff;border-radius:100%;width:90px;height:90px;position:relative;top:-35px;margin-bottom:-45px;float:none;}#pp-member-directory-1.ppress-md-default .ppmd-no-cover .ppmd-member-photo a img {top:auto;margin-bottom:0;width:140px;height:140px;}#pp-member-directory-1.ppress-md-default .ppmd-member-card {padding:0;padding-bottom:15px;color:#999999;}#pp-member-directory-1.ppress-md-default .ppmd-no-photo .ppmd-member-card {padding-top:15px;}#pp-member-directory-1.ppress-md-default .ppmd-no-cover .ppmd-member-card {padding-bottom:30px;}#pp-member-directory-1.ppress-md-default .ppress-md-member-cover-e img {width:100%;height:170px;box-shadow:none;overflow:hidden;-moz-border-radius:0;-webkit-border-radius:0;border-radius:0;margin:0;padding:0;}#pp-member-directory-1.ppress-md-default .ppmd-member-name {margin:0 0 4px 0;justify-content:center;}#pp-member-directory-1.ppress-md-default .ppress-md-member-meta {margin:20px 15px 0 15px;padding:15px 0 0;border-top:1px solid #e5e5e5;}#pp-member-directory-1.ppress-md-default .ppress-md-member-connect a {display:inline-block;width:40px;line-height:40px;height:40px;opacity:0.85;margin:0 1px;transition:0.25s;}#pp-member-directory-1.ppress-md-default .ppress-pf-profile-connect {padding-bottom:0;}<\/style><div id=\"pp-member-directory-1\" class=\"pp-form-wrapper pp-member-directory pp-member-directory-1 ppress-md-default\">\n        <div class=\"ppressmd-member-directory-header ppressmd-form\">\n\n            <form action=\"https:\/\/revista925taxco.fad.unam.mx\/index.php\/wp-json\/wp\/v2\/pages\/10246\" method=\"get\">\n\n                        <div class=\"ppressmd-member-directory-header-row ppressmd-member-directory-search-row\">\n            <div class=\"ppressmd-member-directory-search-line\">\n                <label>\n                    <input name=\"search-1\" type=\"search\" class=\"ppressmd-search-line\" placeholder=\"Buscar\" value=\"\">\n                <\/label> <input type=\"submit\" class=\"ppressmd-do-search ppressmd-button\" value=\"Buscar\">\n            <\/div>\n        <\/div>\n        \n                <div class=\"ppressmd-member-directory-header-row\">\n                    <div class=\"ppressmd-member-directory-nav-line\">\n\n                        \n                        \n                    <\/div>\n                <\/div>\n\n                \n                <input type=\"hidden\" name=\"ppmd-search\" value=\"1\">\n\n            <\/form>\n\n        <\/div>\n                <div class=\"ppmd-members-wrap\">\n\n            <div class=\"ppmd-member-gutter\"><\/div>\n\n            \n                <div class=\"ppmd-member-wrap author\">\n                                            <div class=\"ppmd-member-cover\">\n                            <div class=\"ppress-md-member-cover-e\">\n                                <a href=\"https:\/\/revista925taxco.fad.unam.mx\/profile\/gog-180\">\n                                                                    <\/a>\n                            <\/div>\n                        <\/div>\n                    \n                                            <div class=\"ppmd-member-photo\">\n                            <a href=\"https:\/\/revista925taxco.fad.unam.mx\/profile\/gog-180\">\n                                <img data-del=\"avatar\" src='https:\/\/revista925taxco.fad.unam.mx\/wp-content\/uploads\/2026\/08\/Orozco-Guzman-Garcia.webp' class='avatar pp-user-avatar avatar-800 photo ' height='800' width='800'\/>\n                            <\/a>\n                        <\/div>\n                    \n                    <div class=\"ppmd-member-card\">\n                        <div class=\"ppress-md-profile-item-wrap profile-display-name\"><a href=\"https:\/\/revista925taxco.fad.unam.mx\/profile\/gog-180\">Orozco, Guzm\u00e1n &amp; Garc\u00eda<\/a><\/div><div class=\"ppress-md-profile-item-wrap profile-bio\">Gabriel Orozco-Grover es docente Investigador de la Universidad de Guadalajara.Coordinador de la Maestr\u00eda en Dise\u00f1o y Desarrollo de Nuevos Productos. \u00daltima publicaci\u00f3n: Sports brand love 2.0 in the context of football teams, 2024;  Adriana Guzm\u00e1n es docente de la Universidad de Guadalajara. Coordinadora de la Licenciatura en Dise\u00f1o, Arte y Tecnolog\u00edas Interactivas. \u00daltima publicaci\u00f3n: Las estrategias\r\ndiversificadas como herramientas en la ense\u00f1anza significativa de dise\u00f1o interactivo a nivel licenciatura, 2025; e Isabel Garc\u00eda es docente Investigadora de la Universidad de Guadalajara a trav\u00e9s del Centro Universitario de Arte, Arquitectura y Dise\u00f1o, cuenta\r\ncon el perfil PRODEP y con el reconocimiento del Sistema Nacional de Investigadores (SNI) del CONACYHT. \u00daltima publicaci\u00f3n: El arte decolonial como movimiento cultural de vanguardia y su rol en la percepci\u00f3n de la urbe. El Picha\u00e7\u00e3o Brasile\u00f1o, 2026.<\/div>\n                                            <\/div>\n                <\/div>\n            \n                <div class=\"ppmd-member-wrap author\">\n                                            <div class=\"ppmd-member-cover\">\n                            <div class=\"ppress-md-member-cover-e\">\n                                <a href=\"https:\/\/revista925taxco.fad.unam.mx\/profile\/mgh_179\">\n                                                                    <\/a>\n                            <\/div>\n                        <\/div>\n                    \n                                            <div class=\"ppmd-member-photo\">\n                            <a href=\"https:\/\/revista925taxco.fad.unam.mx\/profile\/mgh_179\">\n                                <img data-del=\"avatar\" src='https:\/\/revista925taxco.fad.unam.mx\/wp-content\/uploads\/2026\/08\/Mariel-Garcia-Hdez.webp' class='avatar pp-user-avatar avatar-800 photo ' height='800' width='800'\/>\n                            <\/a>\n                        <\/div>\n                    \n                    <div class=\"ppmd-member-card\">\n                        <div class=\"ppress-md-profile-item-wrap profile-display-name\"><a href=\"https:\/\/revista925taxco.fad.unam.mx\/profile\/mgh_179\">Mariel Garc\u00eda-Hern\u00e1ndez<\/a><\/div><div class=\"ppress-md-profile-item-wrap profile-bio\">Miembro del Sistema Nacional de Investigadores y profesora de tiempo completo en la Universidad de Monterrey, donde forma parte de la Escuela de Arte y Dise\u00f1o en el Centro Roberto Garza Sada. Su trabajo se enfoca en el dise\u00f1o de informaci\u00f3n, la visualizaci\u00f3n de datos y la experiencia de usuario, desarrollando proyectos con enfoque social, acad\u00e9mico y de comunicaci\u00f3n visual. A lo largo de su trayectoria ha colaborado con distintas instituciones y proyectos de investigaci\u00f3n, adem\u00e1s de participar en publicaciones y espacios acad\u00e9micos nacionales e internacionales.<\/div>\n                                            <\/div>\n                <\/div>\n            \n                <div class=\"ppmd-member-wrap author\">\n                                            <div class=\"ppmd-member-cover\">\n                            <div class=\"ppress-md-member-cover-e\">\n                                <a href=\"https:\/\/revista925taxco.fad.unam.mx\/profile\/bvcd_178\">\n                                                                    <\/a>\n                            <\/div>\n                        <\/div>\n                    \n                                            <div class=\"ppmd-member-photo\">\n                            <a href=\"https:\/\/revista925taxco.fad.unam.mx\/profile\/bvcd_178\">\n                                <img data-del=\"avatar\" src='https:\/\/revista925taxco.fad.unam.mx\/wp-content\/uploads\/2026\/07\/BrisenoCervantes.webp' class='avatar pp-user-avatar avatar-800 photo ' height='800' width='800'\/>\n                            <\/a>\n                        <\/div>\n                    \n                    <div class=\"ppmd-member-card\">\n                        <div class=\"ppress-md-profile-item-wrap profile-display-name\"><a href=\"https:\/\/revista925taxco.fad.unam.mx\/profile\/bvcd_178\">Brise\u00f1o Vilches &amp; Cervantes Due\u00f1as<\/a><\/div><div class=\"ppress-md-profile-item-wrap profile-bio\">Alejandro Brise\u00f1o Vilches y Sonia Cervantes Due\u00f1as son docentes e investigadores de la Universidad de Guadalajara, adscritos al Centro Universitario de Arte, Arquitectura y Dise\u00f1o. Forman parte del Cuerpo Acad\u00e9mico UDG CA-734 Dise\u00f1o, Innovaci\u00f3n y Comunicaci\u00f3n, espacio dedicado a la generaci\u00f3n de conocimiento, la investigaci\u00f3n aplicada y el fortalecimiento de los procesos formativos en el \u00e1mbito del dise\u00f1o. Su labor integra la docencia, la investigaci\u00f3n y la vinculaci\u00f3n con sectores sociales, educativos y productivos. Alejandro Brise\u00f1o, candidato al SNI, destaca por su trayectoria en dise\u00f1o industrial, desarrollo de producto e innovaci\u00f3n educativa; mientras que Sonia Cervantes se especializa en investigaci\u00f3n para el dise\u00f1o, dise\u00f1o editorial y estrategias de ense\u00f1anza-aprendizaje.<\/div>\n                                            <\/div>\n                <\/div>\n            \n                <div class=\"ppmd-member-wrap author\">\n                                            <div class=\"ppmd-member-cover\">\n                            <div class=\"ppress-md-member-cover-e\">\n                                <a href=\"https:\/\/revista925taxco.fad.unam.mx\/profile\/mlla-177\">\n                                                                    <\/a>\n                            <\/div>\n                        <\/div>\n                    \n                                            <div class=\"ppmd-member-photo\">\n                            <a href=\"https:\/\/revista925taxco.fad.unam.mx\/profile\/mlla-177\">\n                                <img data-del=\"avatar\" src='https:\/\/revista925taxco.fad.unam.mx\/wp-content\/uploads\/2026\/06\/lomeli-Lopez.webp' class='avatar pp-user-avatar avatar-800 photo ' height='800' width='800'\/>\n                            <\/a>\n                        <\/div>\n                    \n                    <div class=\"ppmd-member-card\">\n                        <div class=\"ppress-md-profile-item-wrap profile-display-name\"><a href=\"https:\/\/revista925taxco.fad.unam.mx\/profile\/mlla-177\">Mora Lomel\u00ed &amp; L\u00f3pez Alvarado<\/a><\/div><div class=\"ppress-md-profile-item-wrap profile-bio\">Leonardo Mora Lomel\u00ed y M\u00f3nica Patricia L\u00f3pez Alvarado.\r\nProfesores Investigadores Titulares del Centro Universitario de Arte, Arquitectura y Dise\u00f1o de la Universidad de Guadalajara, miembros del Cuerpo Acad\u00e9mico 734 \u00abDise\u00f1o, Innovaci\u00f3n y Comunicaci\u00f3n\u00bb. Su labor conjunta complementa el dise\u00f1o y las humanidades con la psicolog\u00eda, el neurodise\u00f1o y la innovaci\u00f3n. \r\nLeonardo, dise\u00f1ador gr\u00e1fico y doctor en Humanidades (SNII I), aporta la dimensi\u00f3n formal, argumentativa y cultural del dise\u00f1o como como miembro del Laboratorio de Tipograf\u00eda y Dise\u00f1o Editorial. \r\nM\u00f3nica, psic\u00f3loga y doctora en Metodolog\u00eda de la Ense\u00f1anza, lidera el enfoque de procesos cognitivos, afectivos y de innovaci\u00f3n al frente del Laboratorio de NeuroDise\u00f1o. Ambos forman parte de la Maestr\u00eda en Dise\u00f1o e Innovaci\u00f3n Industrial.<\/div>\n                                            <\/div>\n                <\/div>\n            \n                <div class=\"ppmd-member-wrap author\">\n                                            <div class=\"ppmd-member-cover\">\n                            <div class=\"ppress-md-member-cover-e\">\n                                <a href=\"https:\/\/revista925taxco.fad.unam.mx\/profile\/mgr_176\">\n                                                                    <\/a>\n                            <\/div>\n                        <\/div>\n                    \n                                            <div class=\"ppmd-member-photo\">\n                            <a href=\"https:\/\/revista925taxco.fad.unam.mx\/profile\/mgr_176\">\n                                <img data-del=\"avatar\" src='https:\/\/revista925taxco.fad.unam.mx\/wp-content\/uploads\/2026\/06\/Maciel\u2013Gallardo.webp' class='avatar pp-user-avatar avatar-800 photo ' height='800' width='800'\/>\n                            <\/a>\n                        <\/div>\n                    \n                    <div class=\"ppmd-member-card\">\n                        <div class=\"ppress-md-profile-item-wrap profile-display-name\"><a href=\"https:\/\/revista925taxco.fad.unam.mx\/profile\/mgr_176\">Maciel, Gallardo &amp; Ruiz<\/a><\/div><div class=\"ppress-md-profile-item-wrap profile-bio\">Patricia Maciel y Victoria Gallardo destacan por su trayectoria acad\u00e9mica en las \u00e1reas de dise\u00f1o gr\u00e1fico, dise\u00f1o editorial y tipograf\u00eda, con un enfoque orientado a la innovaci\u00f3n y la formaci\u00f3n educativa. Su labor docente se complementa con el desarrollo de proyectos de investigaci\u00f3n y producci\u00f3n visual que fortalecen los procesos creativos y cr\u00edticos dentro del \u00e1mbito universitario. Como participantes de LATIDE (Laboratorio de Tipograf\u00eda y Dise\u00f1o Editorial), han impulsado iniciativas interdisciplinarias enfocadas en la experimentaci\u00f3n tipogr\u00e1fica, la comunicaci\u00f3n gr\u00e1fica y la generaci\u00f3n de propuestas contempor\u00e1neas que vinculan la pr\u00e1ctica profesional con la ense\u00f1anza del dise\u00f1o. Omar Ruiz es es profesor investigador, certificado en innovaci\u00f3n (WDO) e integrante de la planta docente del doctorado CTS (PNPC).<\/div>\n                                            <\/div>\n                <\/div>\n            \n                <div class=\"ppmd-member-wrap author\">\n                                            <div class=\"ppmd-member-cover\">\n                            <div class=\"ppress-md-member-cover-e\">\n                                <a href=\"https:\/\/revista925taxco.fad.unam.mx\/profile\/cro_175\">\n                                                                    <\/a>\n                            <\/div>\n                        <\/div>\n                    \n                                            <div class=\"ppmd-member-photo\">\n                            <a href=\"https:\/\/revista925taxco.fad.unam.mx\/profile\/cro_175\">\n                                <img data-del=\"avatar\" src='https:\/\/revista925taxco.fad.unam.mx\/wp-content\/uploads\/2026\/06\/Cisneros\u2013Ramirez.webp' class='avatar pp-user-avatar avatar-800 photo ' height='800' width='800'\/>\n                            <\/a>\n                        <\/div>\n                    \n                    <div class=\"ppmd-member-card\">\n                        <div class=\"ppress-md-profile-item-wrap profile-display-name\"><a href=\"https:\/\/revista925taxco.fad.unam.mx\/profile\/cro_175\">Cisneros, Ram\u00edrez &amp; Olivares<\/a><\/div><div class=\"ppress-md-profile-item-wrap profile-bio\">Adri\u00e1n Antonio Cisneros Hern\u00e1ndez, Marcela del Roc\u00edo Ram\u00edrez Mercado y Juan Ernesto Alejandro Olivares Gallo.\r\n\r\nProfesores investigadores de la Universidad de Guadalajara, adscritos al Centro Universitario de Arte, Arquitectura y Dise\u00f1o (CUAAD), miembros del Sistema Nacional de Investigadoras e Investigadores (SNII). Desarrollan su trabajo acad\u00e9mico desde los cuerpos acad\u00e9micos 1196 y 1169, participando en proyectos de investigaci\u00f3n interdisciplinarios orientados al dise\u00f1o de informaci\u00f3n, dise\u00f1o editorial y dise\u00f1o industrial, desde una perspectiva disciplinar, formativa y vinculada con la ense\u00f1anza del dise\u00f1o.<\/div>\n                                            <\/div>\n                <\/div>\n            \n                <div class=\"ppmd-member-wrap author\">\n                                            <div class=\"ppmd-member-cover\">\n                            <div class=\"ppress-md-member-cover-e\">\n                                <a href=\"https:\/\/revista925taxco.fad.unam.mx\/profile\/jcampo_174\">\n                                                                    <\/a>\n                            <\/div>\n                        <\/div>\n                    \n                                            <div class=\"ppmd-member-photo\">\n                            <a href=\"https:\/\/revista925taxco.fad.unam.mx\/profile\/jcampo_174\">\n                                <img data-del=\"avatar\" src='https:\/\/revista925taxco.fad.unam.mx\/wp-content\/uploads\/2026\/06\/Jorge-Campos.webp' class='avatar pp-user-avatar avatar-800 photo ' height='800' width='800'\/>\n                            <\/a>\n                        <\/div>\n                    \n                    <div class=\"ppmd-member-card\">\n                        <div class=\"ppress-md-profile-item-wrap profile-display-name\"><a href=\"https:\/\/revista925taxco.fad.unam.mx\/profile\/jcampo_174\">Jorge Campos S\u00e1nchez<\/a><\/div><div class=\"ppress-md-profile-item-wrap profile-bio\">Dise\u00f1ador gr\u00e1fico y tipogr\u00e1fico y cal\u00edgrafo profesional independiente. Licenciado en Dise\u00f1o para la Comunicaci\u00f3n Gr\u00e1fica y maestro en Direcci\u00f3n de Mercadotecnia por la Universidad de Guadalajara. Profesor universitario a nivel licenciatura y posgrado en \u00e1reas relacionadas al dise\u00f1o de identidad gr\u00e1fica, tipograf\u00eda, caligraf\u00eda y artes gr\u00e1ficas. Jefe del Laboratorio de Tipograf\u00eda y Dise\u00f1o Editorial y miembro del Consejo Editorial del Centro Universitario de Arte, Arquitectura y Dise\u00f1o de la Universidad de Guadalajara. Miembro del Consejo Consultivo de Tipos Latinos M\u00e9xico. Coordinador general de la 9\u00aa edici\u00f3n de la Bienal de Tipograf\u00eda Latinoamericana Tipos Latinos en 2022.<\/div>\n                                            <\/div>\n                <\/div>\n            \n                <div class=\"ppmd-member-wrap author\">\n                                            <div class=\"ppmd-member-cover\">\n                            <div class=\"ppress-md-member-cover-e\">\n                                <a href=\"https:\/\/revista925taxco.fad.unam.mx\/profile\/jalamo_173\">\n                                                                    <\/a>\n                            <\/div>\n                        <\/div>\n                    \n                                            <div class=\"ppmd-member-photo\">\n                            <a href=\"https:\/\/revista925taxco.fad.unam.mx\/profile\/jalamo_173\">\n                                <img data-del=\"avatar\" src='https:\/\/revista925taxco.fad.unam.mx\/wp-content\/uploads\/2026\/06\/Jessica-Alamo.webp' class='avatar pp-user-avatar avatar-800 photo ' height='800' width='800'\/>\n                            <\/a>\n                        <\/div>\n                    \n                    <div class=\"ppmd-member-card\">\n                        <div class=\"ppress-md-profile-item-wrap profile-display-name\"><a href=\"https:\/\/revista925taxco.fad.unam.mx\/profile\/jalamo_173\">Jessica \u00c1lamo Galeazzi<\/a><\/div><div class=\"ppress-md-profile-item-wrap profile-bio\">Dise\u00f1adora de tipos, especialista en branding y docente. Es Maestra en Dise\u00f1o Tipogr\u00e1fico por la Universidad Gestalt de Veracruz, con especializaci\u00f3n en Tipograf\u00eda Digital en Elisava, Barcelona, y en Gesti\u00f3n Estrat\u00e9gica de Marcas por la Universidad La Salle, M\u00e9xico, instituci\u00f3n donde tambi\u00e9n curs\u00f3 la Licenciatura en Dise\u00f1o Gr\u00e1fico.\r\nCon m\u00e1s de una d\u00e9cada de experiencia acad\u00e9mica, imparti\u00f3 asignaturas de Tipograf\u00eda e Identidad Gr\u00e1fica en la Universidad La Salle y en la UNAM-FES Acatl\u00e1n. Hoy es docente del Diplomado en Dise\u00f1o y Producci\u00f3n Tipogr\u00e1fica, desde M\u00e9xico para Latinoam\u00e9rica. En 2025 dise\u00f1\u00f3 la tipograf\u00eda custom para Carlos V, marca ic\u00f3nica del portafolio de Nestl\u00e9 M\u00e9xico. Fue cocreadora de Santa Clara Script (2017) y de Mundet Sans (2018) para Coca-Cola M\u00e9xico, adem\u00e1s de autora de las familias tipogr\u00e1ficas Piccola (2017) y Abaca (2022). En el \u00e1mbito global, ha colaborado con la agencia Troving y con el estudio Letra Muerta, Inc. en Nueva York.\r\nHa sido tallerista y conferencista en diversas instituciones p\u00fablicas y privadas del pa\u00eds, compartiendo su visi\u00f3n sobre la tipograf\u00eda como disciplina esencial para la comunicaci\u00f3n visual y el dise\u00f1o contempor\u00e1neo.<\/div>\n                                            <\/div>\n                <\/div>\n            \n                <div class=\"ppmd-member-wrap author\">\n                                            <div class=\"ppmd-member-cover\">\n                            <div class=\"ppress-md-member-cover-e\">\n                                <a href=\"https:\/\/revista925taxco.fad.unam.mx\/profile\/mlopez_172\">\n                                                                    <\/a>\n                            <\/div>\n                        <\/div>\n                    \n                                            <div class=\"ppmd-member-photo\">\n                            <a href=\"https:\/\/revista925taxco.fad.unam.mx\/profile\/mlopez_172\">\n                                <img data-del=\"avatar\" src='https:\/\/revista925taxco.fad.unam.mx\/wp-content\/uploads\/2026\/05\/Mauricio-Lopez-V.png' class='avatar pp-user-avatar avatar-800 photo ' height='800' width='800'\/>\n                            <\/a>\n                        <\/div>\n                    \n                    <div class=\"ppmd-member-card\">\n                        <div class=\"ppress-md-profile-item-wrap profile-display-name\"><a href=\"https:\/\/revista925taxco.fad.unam.mx\/profile\/mlopez_172\">Mauricio L\u00f3pez Velasco<\/a><\/div><div class=\"ppress-md-profile-item-wrap profile-bio\">Doctor en artes y dise\u00f1o por la Facultad de Artes y dise\u00f1o de la UNAM, Maestro en Ciencias y Artes para el dise\u00f1o por la UAM Xochimilco. Docente de Dise\u00f1o en la FES Acatl\u00e1n desde hace 16 a\u00f1os. Sus principales l\u00edneas de investigaci\u00f3n son: Visualizaci\u00f3n de la informaci\u00f3n, Inteligencia artificial y Dise\u00f1o.<\/div>\n                                            <\/div>\n                <\/div>\n                    <\/div>\n        <div class=\"ppmd-pagination-wrap\"><span aria-current=\"page\" class=\"page-numbers current\">1<\/span>\n<a class=\"page-numbers\" href=\"https:\/\/revista925taxco.fad.unam.mx\/index.php\/wp-json\/wp\/v2\/pages\/10246\/?mdpage1=2\">2<\/a>\n<a class=\"page-numbers\" href=\"https:\/\/revista925taxco.fad.unam.mx\/index.php\/wp-json\/wp\/v2\/pages\/10246\/?mdpage1=3\">3<\/a>\n<span class=\"page-numbers dots\">&hellip;<\/span>\n<a class=\"page-numbers\" href=\"https:\/\/revista925taxco.fad.unam.mx\/index.php\/wp-json\/wp\/v2\/pages\/10246\/?mdpage1=20\">20<\/a>\n<a class=\"next page-numbers\" href=\"https:\/\/revista925taxco.fad.unam.mx\/index.php\/wp-json\/wp\/v2\/pages\/10246\/?mdpage1=2\"><span class=\"ppress-material-icons\">keyboard_arrow_right<\/span><\/a><\/div><\/div>\r\n<!-- \/ ProfilePress WordPress plugin. -->\r\n\n","protected":false},"excerpt":{"rendered":"","protected":false},"author":1,"featured_media":0,"parent":0,"menu_order":0,"comment_status":"closed","ping_status":"closed","template":"","meta":{"footnotes":""},"class_list":["post-10246","page","type-page","status-publish","hentry"],"_links":{"self":[{"href":"https:\/\/revista925taxco.fad.unam.mx\/index.php\/wp-json\/wp\/v2\/pages\/10246","targetHints":{"allow":["GET"]}}],"collection":[{"href":"https:\/\/revista925taxco.fad.unam.mx\/index.php\/wp-json\/wp\/v2\/pages"}],"about":[{"href":"https:\/\/revista925taxco.fad.unam.mx\/index.php\/wp-json\/wp\/v2\/types\/page"}],"author":[{"embeddable":true,"href":"https:\/\/revista925taxco.fad.unam.mx\/index.php\/wp-json\/wp\/v2\/users\/1"}],"replies":[{"embeddable":true,"href":"https:\/\/revista925taxco.fad.unam.mx\/index.php\/wp-json\/wp\/v2\/comments?post=10246"}],"version-history":[{"count":0,"href":"https:\/\/revista925taxco.fad.unam.mx\/index.php\/wp-json\/wp\/v2\/pages\/10246\/revisions"}],"wp:attachment":[{"href":"https:\/\/revista925taxco.fad.unam.mx\/index.php\/wp-json\/wp\/v2\/media?parent=10246"}],"curies":[{"name":"wp","href":"https:\/\/api.w.org\/{rel}","templated":true}]}}